{"id":12455,"date":"2015-10-01T07:55:08","date_gmt":"2015-10-01T05:55:08","guid":{"rendered":"http:\/\/www.expotradegroup.com\/fr\/expotrade-news\/"},"modified":"2020-05-03T19:54:31","modified_gmt":"2020-05-03T17:54:31","slug":"expotrade-nouvelles","status":"publish","type":"page","link":"https:\/\/www.expotradegroup.com\/fr\/expotrade-nouvelles\/","title":{"rendered":"Expotrade nouvelles"},"content":{"rendered":"<div class=\"flex_column av_one_full  flex_column_div av-zero-column-padding first  \" style='border-radius:0px; '><div  data-autoplay=''  data-interval='5'  data-animation='fade'  data-show_slide_delay='90'  class='avia-content-slider avia-content-grid-active avia-content-slider1 avia-content-slider-odd  '  itemscope=\"itemscope\" itemtype=\"https:\/\/schema.org\/Blog\" ><div class='avia-content-slider-inner'><div class='slide-entry-wrap'><article class='slide-entry flex_column  post-entry post-entry-36673 slide-entry-overview slide-loop-1 slide-parity-odd  av_one_third first real-thumbnail'  itemscope=\"itemscope\" itemtype=\"https:\/\/schema.org\/BlogPosting\" itemprop=\"blogPost\" ><a href='https:\/\/www.expotradegroup.com\/fr\/expoarch-pliable-a-lendurogp-a-darfo-boario-terme-italie\/' data-rel='slide-1' class='slide-image' title=''><img loading=\"lazy\" decoding=\"async\" width=\"495\" height=\"400\" src=\"https:\/\/www.expotradegroup.com\/wp-content\/uploads\/2025\/09\/f6c66b46-f17c-4d79-584b-914eecfad579-495x400.jpg\" class=\"attachment-portfolio size-portfolio wp-post-image\" alt=\"expoarch EnduroGP\" srcset=\"https:\/\/www.expotradegroup.com\/wp-content\/uploads\/2025\/09\/f6c66b46-f17c-4d79-584b-914eecfad579-495x400.jpg 495w, https:\/\/www.expotradegroup.com\/wp-content\/uploads\/2025\/09\/f6c66b46-f17c-4d79-584b-914eecfad579-845x684.jpg 845w\" sizes=\"(max-width: 495px) 100vw, 495px\" \/><\/a><div class='slide-content'><header class=\"entry-content-header\"><h3 class='slide-entry-title entry-title'  itemprop=\"headline\" ><a href='https:\/\/www.expotradegroup.com\/fr\/expoarch-pliable-a-lendurogp-a-darfo-boario-terme-italie\/' title='Expoarch pliable \u00e0 l&#039;EnduroGP \u00e0 Darfo Boario Terme Italie'>Expoarch pliable \u00e0 l'EnduroGP \u00e0 Darfo Boario Terme Italie<\/a><\/h3><span class=\"av-vertical-delimiter\"><\/span><\/header><div class='slide-meta'><time class='slide-meta-time updated'  itemprop=\"datePublished\" datetime=\"2025-09-27T09:42:59+02:00\" >27. septembre 2025<\/time><\/div><div class='slide-entry-excerpt entry-content'  itemprop=\"text\" >expoarch pliable \u00e0 l'EnduroGP \u00e0 Darfo Boario Terme Italie -\u2026<div class=\"read-more-link\"><a href=\"https:\/\/www.expotradegroup.com\/fr\/expoarch-pliable-a-lendurogp-a-darfo-boario-terme-italie\/\" class=\"more-link\">Lire la suite<span class=\"more-link-arrow\"><\/span><\/a><\/div><\/div><\/div><footer class=\"entry-footer\"><\/footer><span class='hidden'>\n\t\t\t<span class='av-structured-data'  itemprop=\"ImageObject\" itemscope=\"itemscope\" itemtype=\"https:\/\/schema.org\/ImageObject\"  itemprop='image'>\n\t\t\t\t\t   <span itemprop='url' >https:\/\/www.expotradegroup.com\/wp-content\/uploads\/2025\/09\/f6c66b46-f17c-4d79-584b-914eecfad579.jpg<\/span>\n\t\t\t\t\t   <span itemprop='height' >1333<\/span>\n\t\t\t\t\t   <span itemprop='width' >2000<\/span>\n\t\t\t\t  <\/span><span class='av-structured-data'  itemprop=\"publisher\" itemtype=\"https:\/\/schema.org\/Organization\" itemscope=\"itemscope\" >\n\t\t\t\t<span itemprop='name'>Andreas Schnetzer<\/span>\n\t\t\t\t<span itemprop='logo' itemscope itemtype='http:\/\/schema.org\/ImageObject'>\n\t\t\t\t   <span itemprop='url'>https:\/\/www.expotradegroup.com\/wp-content\/uploads\/2020\/04\/expotrade_mobile_ideas_ohne_www.png<\/span>\n\t\t\t\t <\/span>\n\t\t\t  <\/span><span class='av-structured-data'  itemprop=\"author\" itemscope=\"itemscope\" itemtype=\"https:\/\/schema.org\/Person\" ><span itemprop='name'>Andreas Schnetzer<\/span><\/span><span class='av-structured-data'  itemprop=\"datePublished\" datetime=\"2023-04-26T13:14:00+02:00\" >2025-09-27 09:42:59<\/span><span class='av-structured-data'  itemprop=\"dateModified\" itemtype=\"https:\/\/schema.org\/dateModified\" >2025-09-27 09:42:59<\/span><span class='av-structured-data'  itemprop=\"mainEntityOfPage\" itemtype=\"https:\/\/schema.org\/mainEntityOfPage\" ><span itemprop='name'>Expoarch pliable \u00e0 l'EnduroGP \u00e0 Darfo Boario Terme Italie<\/span><\/span><\/span><\/article><article class='slide-entry flex_column  post-entry post-entry-36650 slide-entry-overview slide-loop-2 slide-parity-even  av_one_third  real-thumbnail'  itemscope=\"itemscope\" itemtype=\"https:\/\/schema.org\/BlogPosting\" itemprop=\"blogPost\" ><a href='https:\/\/www.expotradegroup.com\/fr\/action-endurogp-avec-expotrade-a-oliana-espagne\/' data-rel='slide-1' class='slide-image' title=''><img loading=\"lazy\" decoding=\"async\" width=\"495\" height=\"400\" src=\"https:\/\/www.expotradegroup.com\/wp-content\/uploads\/2025\/04\/IMG-20250430-WA0008-495x400.jpg\" class=\"attachment-portfolio size-portfolio wp-post-image\" alt=\"Expotrade EnduroGP\" srcset=\"https:\/\/www.expotradegroup.com\/wp-content\/uploads\/2025\/04\/IMG-20250430-WA0008-495x400.jpg 495w, https:\/\/www.expotradegroup.com\/wp-content\/uploads\/2025\/04\/IMG-20250430-WA0008-845x684.jpg 845w\" sizes=\"(max-width: 495px) 100vw, 495px\" \/><\/a><div class='slide-content'><header class=\"entry-content-header\"><h3 class='slide-entry-title entry-title'  itemprop=\"headline\" ><a href='https:\/\/www.expotradegroup.com\/fr\/action-endurogp-avec-expotrade-a-oliana-espagne\/' title='Action EnduroGP avec Expotrade \u00e0 OLIANA \/ Espagne'>Action EnduroGP avec Expotrade \u00e0 OLIANA \/ Espagne<\/a><\/h3><span class=\"av-vertical-delimiter\"><\/span><\/header><div class='slide-meta'><time class='slide-meta-time updated'  itemprop=\"datePublished\" datetime=\"2025-04-30T15:05:30+02:00\" >30. avril 2025<\/time><\/div><div class='slide-entry-excerpt entry-content'  itemprop=\"text\" >Action EnduroGP avec Expotrade \u00e0 OLIANA \/ Espagne et nous y\u2026<div class=\"read-more-link\"><a href=\"https:\/\/www.expotradegroup.com\/fr\/action-endurogp-avec-expotrade-a-oliana-espagne\/\" class=\"more-link\">Lire la suite<span class=\"more-link-arrow\"><\/span><\/a><\/div><\/div><\/div><footer class=\"entry-footer\"><\/footer><span class='hidden'>\n\t\t\t<span class='av-structured-data'  itemprop=\"ImageObject\" itemscope=\"itemscope\" itemtype=\"https:\/\/schema.org\/ImageObject\"  itemprop='image'>\n\t\t\t\t\t   <span itemprop='url' >https:\/\/www.expotradegroup.com\/wp-content\/uploads\/2025\/04\/IMG-20250430-WA0008.jpg<\/span>\n\t\t\t\t\t   <span itemprop='height' >1200<\/span>\n\t\t\t\t\t   <span itemprop='width' >1600<\/span>\n\t\t\t\t  <\/span><span class='av-structured-data'  itemprop=\"publisher\" itemtype=\"https:\/\/schema.org\/Organization\" itemscope=\"itemscope\" >\n\t\t\t\t<span itemprop='name'>Andreas Schnetzer<\/span>\n\t\t\t\t<span itemprop='logo' itemscope itemtype='http:\/\/schema.org\/ImageObject'>\n\t\t\t\t   <span itemprop='url'>https:\/\/www.expotradegroup.com\/wp-content\/uploads\/2020\/04\/expotrade_mobile_ideas_ohne_www.png<\/span>\n\t\t\t\t <\/span>\n\t\t\t  <\/span><span class='av-structured-data'  itemprop=\"author\" itemscope=\"itemscope\" itemtype=\"https:\/\/schema.org\/Person\" ><span itemprop='name'>Andreas Schnetzer<\/span><\/span><span class='av-structured-data'  itemprop=\"datePublished\" datetime=\"2023-04-26T13:14:00+02:00\" >2025-04-30 15:05:30<\/span><span class='av-structured-data'  itemprop=\"dateModified\" itemtype=\"https:\/\/schema.org\/dateModified\" >2025-04-30 15:05:30<\/span><span class='av-structured-data'  itemprop=\"mainEntityOfPage\" itemtype=\"https:\/\/schema.org\/mainEntityOfPage\" ><span itemprop='name'>Action EnduroGP avec Expotrade \u00e0 OLIANA \/ Espagne<\/span><\/span><\/span><\/article><article class='slide-entry flex_column  post-entry post-entry-36578 slide-entry-overview slide-loop-3 slide-parity-odd  av_one_third  real-thumbnail'  itemscope=\"itemscope\" itemtype=\"https:\/\/schema.org\/BlogPosting\" itemprop=\"blogPost\" ><a href='https:\/\/www.expotradegroup.com\/fr\/expotent-tentes-pliantes-6x4m-de-ktm-a-dakar2025\/' data-rel='slide-1' class='slide-image' title=''><img loading=\"lazy\" decoding=\"async\" width=\"495\" height=\"400\" src=\"https:\/\/www.expotradegroup.com\/wp-content\/uploads\/2025\/01\/472308938_1170289777816011_4819556535254773772_n-495x400.jpg\" class=\"attachment-portfolio size-portfolio wp-post-image\" alt=\"expotent_KTM_Dakar_2025\" srcset=\"https:\/\/www.expotradegroup.com\/wp-content\/uploads\/2025\/01\/472308938_1170289777816011_4819556535254773772_n-495x400.jpg 495w, https:\/\/www.expotradegroup.com\/wp-content\/uploads\/2025\/01\/472308938_1170289777816011_4819556535254773772_n-845x684.jpg 845w\" sizes=\"(max-width: 495px) 100vw, 495px\" \/><\/a><div class='slide-content'><header class=\"entry-content-header\"><h3 class='slide-entry-title entry-title'  itemprop=\"headline\" ><a href='https:\/\/www.expotradegroup.com\/fr\/expotent-tentes-pliantes-6x4m-de-ktm-a-dakar2025\/' title='expotent tentes pliantes 6x4m de KTM \u00e0 DAKAR2025'>expotent tentes pliantes 6x4m de KTM \u00e0 DAKAR2025<\/a><\/h3><span class=\"av-vertical-delimiter\"><\/span><\/header><div class='slide-meta'><time class='slide-meta-time updated'  itemprop=\"datePublished\" datetime=\"2025-01-04T12:38:32+01:00\" >4. janvier 2025<\/time><\/div><div class='slide-entry-excerpt entry-content'  itemprop=\"text\" >expotent tentes pliantes 6x4m de KTM \u00e0 DAKAR2025. Nos tentes\u2026<div class=\"read-more-link\"><a href=\"https:\/\/www.expotradegroup.com\/fr\/expotent-tentes-pliantes-6x4m-de-ktm-a-dakar2025\/\" class=\"more-link\">Lire la suite<span class=\"more-link-arrow\"><\/span><\/a><\/div><\/div><\/div><footer class=\"entry-footer\"><\/footer><span class='hidden'>\n\t\t\t<span class='av-structured-data'  itemprop=\"ImageObject\" itemscope=\"itemscope\" itemtype=\"https:\/\/schema.org\/ImageObject\"  itemprop='image'>\n\t\t\t\t\t   <span itemprop='url' >https:\/\/www.expotradegroup.com\/wp-content\/uploads\/2025\/01\/472308938_1170289777816011_4819556535254773772_n.jpg<\/span>\n\t\t\t\t\t   <span itemprop='height' >960<\/span>\n\t\t\t\t\t   <span itemprop='width' >1440<\/span>\n\t\t\t\t  <\/span><span class='av-structured-data'  itemprop=\"publisher\" itemtype=\"https:\/\/schema.org\/Organization\" itemscope=\"itemscope\" >\n\t\t\t\t<span itemprop='name'>Andreas Schnetzer<\/span>\n\t\t\t\t<span itemprop='logo' itemscope itemtype='http:\/\/schema.org\/ImageObject'>\n\t\t\t\t   <span itemprop='url'>https:\/\/www.expotradegroup.com\/wp-content\/uploads\/2020\/04\/expotrade_mobile_ideas_ohne_www.png<\/span>\n\t\t\t\t <\/span>\n\t\t\t  <\/span><span class='av-structured-data'  itemprop=\"author\" itemscope=\"itemscope\" itemtype=\"https:\/\/schema.org\/Person\" ><span itemprop='name'>Andreas Schnetzer<\/span><\/span><span class='av-structured-data'  itemprop=\"datePublished\" datetime=\"2023-04-26T13:14:00+02:00\" >2025-01-04 12:38:32<\/span><span class='av-structured-data'  itemprop=\"dateModified\" itemtype=\"https:\/\/schema.org\/dateModified\" >2025-01-04 12:38:32<\/span><span class='av-structured-data'  itemprop=\"mainEntityOfPage\" itemtype=\"https:\/\/schema.org\/mainEntityOfPage\" ><span itemprop='name'>expotent tentes pliantes 6x4m de KTM \u00e0 DAKAR2025<\/span><\/span><\/span><\/article><\/div><div class='slide-entry-wrap'><article class='slide-entry flex_column  post-entry post-entry-36543 slide-entry-overview slide-loop-4 slide-parity-odd  av_one_third first real-thumbnail'  itemscope=\"itemscope\" itemtype=\"https:\/\/schema.org\/BlogPosting\" itemprop=\"blogPost\" ><a href='https:\/\/www.expotradegroup.com\/fr\/entes-pliantes-expotentes-womens-run-2024-a-bregenz\/' data-rel='slide-1' class='slide-image' title=''><img loading=\"lazy\" decoding=\"async\" width=\"495\" height=\"400\" src=\"https:\/\/www.expotradegroup.com\/wp-content\/uploads\/2024\/06\/expotent_8x4m_Rolling_Cocktails-495x400.jpg\" class=\"attachment-portfolio size-portfolio wp-post-image\" alt=\"expotent 8x4m RollingCocktails\" \/><\/a><div class='slide-content'><header class=\"entry-content-header\"><h3 class='slide-entry-title entry-title'  itemprop=\"headline\" ><a href='https:\/\/www.expotradegroup.com\/fr\/entes-pliantes-expotentes-womens-run-2024-a-bregenz\/' title='tentes pliantes expotentes Women&#039;s Run 2024 \u00e0 Bregenz'>tentes pliantes expotentes Women's Run 2024 \u00e0 Bregenz<\/a><\/h3><span class=\"av-vertical-delimiter\"><\/span><\/header><div class='slide-meta'><time class='slide-meta-time updated'  itemprop=\"datePublished\" datetime=\"2024-06-09T11:50:28+02:00\" >9. juin 2024<\/time><\/div><div class='slide-entry-excerpt entry-content'  itemprop=\"text\" >tentes pliantes expotentes Women's Run 2024 \u00e0 Bregenz - beaucoup\u2026<div class=\"read-more-link\"><a href=\"https:\/\/www.expotradegroup.com\/fr\/entes-pliantes-expotentes-womens-run-2024-a-bregenz\/\" class=\"more-link\">Lire la suite<span class=\"more-link-arrow\"><\/span><\/a><\/div><\/div><\/div><footer class=\"entry-footer\"><\/footer><span class='hidden'>\n\t\t\t<span class='av-structured-data'  itemprop=\"ImageObject\" itemscope=\"itemscope\" itemtype=\"https:\/\/schema.org\/ImageObject\"  itemprop='image'>\n\t\t\t\t\t   <span itemprop='url' >https:\/\/www.expotradegroup.com\/wp-content\/uploads\/2024\/06\/expotent_8x4m_Rolling_Cocktails.jpg<\/span>\n\t\t\t\t\t   <span itemprop='height' >600<\/span>\n\t\t\t\t\t   <span itemprop='width' >800<\/span>\n\t\t\t\t  <\/span><span class='av-structured-data'  itemprop=\"publisher\" itemtype=\"https:\/\/schema.org\/Organization\" itemscope=\"itemscope\" >\n\t\t\t\t<span itemprop='name'>Andreas Schnetzer<\/span>\n\t\t\t\t<span itemprop='logo' itemscope itemtype='http:\/\/schema.org\/ImageObject'>\n\t\t\t\t   <span itemprop='url'>https:\/\/www.expotradegroup.com\/wp-content\/uploads\/2020\/04\/expotrade_mobile_ideas_ohne_www.png<\/span>\n\t\t\t\t <\/span>\n\t\t\t  <\/span><span class='av-structured-data'  itemprop=\"author\" itemscope=\"itemscope\" itemtype=\"https:\/\/schema.org\/Person\" ><span itemprop='name'>Andreas Schnetzer<\/span><\/span><span class='av-structured-data'  itemprop=\"datePublished\" datetime=\"2023-04-26T13:14:00+02:00\" >2024-06-09 11:50:28<\/span><span class='av-structured-data'  itemprop=\"dateModified\" itemtype=\"https:\/\/schema.org\/dateModified\" >2024-06-09 11:51:09<\/span><span class='av-structured-data'  itemprop=\"mainEntityOfPage\" itemtype=\"https:\/\/schema.org\/mainEntityOfPage\" ><span itemprop='name'>tentes pliantes expotentes Women's Run 2024 \u00e0 Bregenz<\/span><\/span><\/span><\/article><article class='slide-entry flex_column  post-entry post-entry-36523 slide-entry-overview slide-loop-5 slide-parity-even  av_one_third  real-thumbnail'  itemscope=\"itemscope\" itemtype=\"https:\/\/schema.org\/BlogPosting\" itemprop=\"blogPost\" ><a href='https:\/\/www.expotradegroup.com\/fr\/expotrade-est-le-partenaire-principal-de-la-societe-enduro-gp\/' data-rel='slide-1' class='slide-image' title=''><img loading=\"lazy\" decoding=\"async\" width=\"495\" height=\"400\" src=\"https:\/\/www.expotradegroup.com\/wp-content\/uploads\/2024\/04\/expodome_EnduroGP_web-495x400.jpg\" class=\"attachment-portfolio size-portfolio wp-post-image\" alt=\"expodome EnduroGP\" \/><\/a><div class='slide-content'><header class=\"entry-content-header\"><h3 class='slide-entry-title entry-title'  itemprop=\"headline\" ><a href='https:\/\/www.expotradegroup.com\/fr\/expotrade-est-le-partenaire-principal-de-la-societe-enduro-gp\/' title='Expotrade est le partenaire principal de la soci\u00e9t\u00e9 Enduro-GP'>Expotrade est le partenaire principal de la soci\u00e9t\u00e9 Enduro-GP<\/a><\/h3><span class=\"av-vertical-delimiter\"><\/span><\/header><div class='slide-meta'><time class='slide-meta-time updated'  itemprop=\"datePublished\" datetime=\"2024-04-18T14:39:28+02:00\" >18. avril 2024<\/time><\/div><div class='slide-entry-excerpt entry-content'  itemprop=\"text\" >Expotrade sera le \u00ab Partenaire Principal \u00bb du Championnat du\u2026<div class=\"read-more-link\"><a href=\"https:\/\/www.expotradegroup.com\/fr\/expotrade-est-le-partenaire-principal-de-la-societe-enduro-gp\/\" class=\"more-link\">Lire la suite<span class=\"more-link-arrow\"><\/span><\/a><\/div><\/div><\/div><footer class=\"entry-footer\"><\/footer><span class='hidden'>\n\t\t\t<span class='av-structured-data'  itemprop=\"ImageObject\" itemscope=\"itemscope\" itemtype=\"https:\/\/schema.org\/ImageObject\"  itemprop='image'>\n\t\t\t\t\t   <span itemprop='url' >https:\/\/www.expotradegroup.com\/wp-content\/uploads\/2024\/04\/expodome_EnduroGP_web.jpg<\/span>\n\t\t\t\t\t   <span itemprop='height' >600<\/span>\n\t\t\t\t\t   <span itemprop='width' >800<\/span>\n\t\t\t\t  <\/span><span class='av-structured-data'  itemprop=\"publisher\" itemtype=\"https:\/\/schema.org\/Organization\" itemscope=\"itemscope\" >\n\t\t\t\t<span itemprop='name'>Andreas Schnetzer<\/span>\n\t\t\t\t<span itemprop='logo' itemscope itemtype='http:\/\/schema.org\/ImageObject'>\n\t\t\t\t   <span itemprop='url'>https:\/\/www.expotradegroup.com\/wp-content\/uploads\/2020\/04\/expotrade_mobile_ideas_ohne_www.png<\/span>\n\t\t\t\t <\/span>\n\t\t\t  <\/span><span class='av-structured-data'  itemprop=\"author\" itemscope=\"itemscope\" itemtype=\"https:\/\/schema.org\/Person\" ><span itemprop='name'>Andreas Schnetzer<\/span><\/span><span class='av-structured-data'  itemprop=\"datePublished\" datetime=\"2023-04-26T13:14:00+02:00\" >2024-04-18 14:39:28<\/span><span class='av-structured-data'  itemprop=\"dateModified\" itemtype=\"https:\/\/schema.org\/dateModified\" >2024-04-18 14:39:28<\/span><span class='av-structured-data'  itemprop=\"mainEntityOfPage\" itemtype=\"https:\/\/schema.org\/mainEntityOfPage\" ><span itemprop='name'>Expotrade est le partenaire principal de la soci\u00e9t\u00e9 Enduro-GP<\/span><\/span><\/span><\/article><article class='slide-entry flex_column  post-entry post-entry-36513 slide-entry-overview slide-loop-6 slide-parity-odd  av_one_third  real-thumbnail'  itemscope=\"itemscope\" itemtype=\"https:\/\/schema.org\/BlogPosting\" itemprop=\"blogPost\" ><a href='https:\/\/www.expotradegroup.com\/fr\/expotrade-est-partenaire-de-la-serie-de-nouvelles-motos-adac-mini-gp\/' data-rel='slide-1' class='slide-image' title=''><img loading=\"lazy\" decoding=\"async\" width=\"495\" height=\"400\" src=\"https:\/\/www.expotradegroup.com\/wp-content\/uploads\/2024\/03\/Mini_GP_ADAC_DE-495x400.jpg\" class=\"attachment-portfolio size-portfolio wp-post-image\" alt=\"Mini-GP ADAC Expotrade\" \/><\/a><div class='slide-content'><header class=\"entry-content-header\"><h3 class='slide-entry-title entry-title'  itemprop=\"headline\" ><a href='https:\/\/www.expotradegroup.com\/fr\/expotrade-est-partenaire-de-la-serie-de-nouvelles-motos-adac-mini-gp\/' title='Expotrade est partenaire de la s\u00e9rie de nouvelles motos ADAC Mini-GP'>Expotrade est partenaire de la s\u00e9rie de nouvelles motos ADAC Mini-GP<\/a><\/h3><span class=\"av-vertical-delimiter\"><\/span><\/header><div class='slide-meta'><time class='slide-meta-time updated'  itemprop=\"datePublished\" datetime=\"2024-03-01T15:07:31+01:00\" >1. mars 2024<\/time><\/div><div class='slide-entry-excerpt entry-content'  itemprop=\"text\" >Expotrade est partenaire de la s\u00e9rie de nouvelles motos ADAC\u2026<div class=\"read-more-link\"><a href=\"https:\/\/www.expotradegroup.com\/fr\/expotrade-est-partenaire-de-la-serie-de-nouvelles-motos-adac-mini-gp\/\" class=\"more-link\">Lire la suite<span class=\"more-link-arrow\"><\/span><\/a><\/div><\/div><\/div><footer class=\"entry-footer\"><\/footer><span class='hidden'>\n\t\t\t<span class='av-structured-data'  itemprop=\"ImageObject\" itemscope=\"itemscope\" itemtype=\"https:\/\/schema.org\/ImageObject\"  itemprop='image'>\n\t\t\t\t\t   <span itemprop='url' >https:\/\/www.expotradegroup.com\/wp-content\/uploads\/2024\/03\/Mini_GP_ADAC_DE.jpg<\/span>\n\t\t\t\t\t   <span itemprop='height' >590<\/span>\n\t\t\t\t\t   <span itemprop='width' >882<\/span>\n\t\t\t\t  <\/span><span class='av-structured-data'  itemprop=\"publisher\" itemtype=\"https:\/\/schema.org\/Organization\" itemscope=\"itemscope\" >\n\t\t\t\t<span itemprop='name'>Andreas Schnetzer<\/span>\n\t\t\t\t<span itemprop='logo' itemscope itemtype='http:\/\/schema.org\/ImageObject'>\n\t\t\t\t   <span itemprop='url'>https:\/\/www.expotradegroup.com\/wp-content\/uploads\/2020\/04\/expotrade_mobile_ideas_ohne_www.png<\/span>\n\t\t\t\t <\/span>\n\t\t\t  <\/span><span class='av-structured-data'  itemprop=\"author\" itemscope=\"itemscope\" itemtype=\"https:\/\/schema.org\/Person\" ><span itemprop='name'>Andreas Schnetzer<\/span><\/span><span class='av-structured-data'  itemprop=\"datePublished\" datetime=\"2023-04-26T13:14:00+02:00\" >2024-03-01 15:07:31<\/span><span class='av-structured-data'  itemprop=\"dateModified\" itemtype=\"https:\/\/schema.org\/dateModified\" >2024-03-01 15:07:31<\/span><span class='av-structured-data'  itemprop=\"mainEntityOfPage\" itemtype=\"https:\/\/schema.org\/mainEntityOfPage\" ><span itemprop='name'>Expotrade est partenaire de la s\u00e9rie de nouvelles motos ADAC Mini-GP<\/span><\/span><\/span><\/article><\/div><div class='slide-entry-wrap'><article class='slide-entry flex_column  post-entry post-entry-36468 slide-entry-overview slide-loop-7 slide-parity-odd  av_one_third first real-thumbnail'  itemscope=\"itemscope\" itemtype=\"https:\/\/schema.org\/BlogPosting\" itemprop=\"blogPost\" ><a href='https:\/\/www.expotradegroup.com\/fr\/yamaha-et-tenere-spirit-experience-a-lafrica-eco-race\/' data-rel='slide-1' class='slide-image' title=''><img loading=\"lazy\" decoding=\"async\" width=\"495\" height=\"400\" src=\"https:\/\/www.expotradegroup.com\/wp-content\/uploads\/2024\/01\/417444913_763178399180732_2649811977488353788_n-495x400.jpg\" class=\"attachment-portfolio size-portfolio wp-post-image\" alt=\"\" srcset=\"https:\/\/www.expotradegroup.com\/wp-content\/uploads\/2024\/01\/417444913_763178399180732_2649811977488353788_n-495x400.jpg 495w, https:\/\/www.expotradegroup.com\/wp-content\/uploads\/2024\/01\/417444913_763178399180732_2649811977488353788_n-845x684.jpg 845w\" sizes=\"(max-width: 495px) 100vw, 495px\" \/><\/a><div class='slide-content'><header class=\"entry-content-header\"><h3 class='slide-entry-title entry-title'  itemprop=\"headline\" ><a href='https:\/\/www.expotradegroup.com\/fr\/yamaha-et-tenere-spirit-experience-a-lafrica-eco-race\/' title='YAMAHA et Tenere-Spirit Exp\u00e9rience \u00e0 l&#039;Africa ECO Race'>YAMAHA et Tenere-Spirit Exp\u00e9rience \u00e0 l'Africa ECO Race<\/a><\/h3><span class=\"av-vertical-delimiter\"><\/span><\/header><div class='slide-meta'><time class='slide-meta-time updated'  itemprop=\"datePublished\" datetime=\"2024-01-08T09:27:32+01:00\" >8. janvier 2024<\/time><\/div><div class='slide-entry-excerpt entry-content'  itemprop=\"text\" >YAMAHA et Tenere-Spirit Experience \u00e0 l'Africa ECO Race - ce\u2026<div class=\"read-more-link\"><a href=\"https:\/\/www.expotradegroup.com\/fr\/yamaha-et-tenere-spirit-experience-a-lafrica-eco-race\/\" class=\"more-link\">Lire la suite<span class=\"more-link-arrow\"><\/span><\/a><\/div><\/div><\/div><footer class=\"entry-footer\"><\/footer><span class='hidden'>\n\t\t\t<span class='av-structured-data'  itemprop=\"ImageObject\" itemscope=\"itemscope\" itemtype=\"https:\/\/schema.org\/ImageObject\"  itemprop='image'>\n\t\t\t\t\t   <span itemprop='url' >https:\/\/www.expotradegroup.com\/wp-content\/uploads\/2024\/01\/417444913_763178399180732_2649811977488353788_n.jpg<\/span>\n\t\t\t\t\t   <span itemprop='height' >853<\/span>\n\t\t\t\t\t   <span itemprop='width' >1280<\/span>\n\t\t\t\t  <\/span><span class='av-structured-data'  itemprop=\"publisher\" itemtype=\"https:\/\/schema.org\/Organization\" itemscope=\"itemscope\" >\n\t\t\t\t<span itemprop='name'>Andreas Schnetzer<\/span>\n\t\t\t\t<span itemprop='logo' itemscope itemtype='http:\/\/schema.org\/ImageObject'>\n\t\t\t\t   <span itemprop='url'>https:\/\/www.expotradegroup.com\/wp-content\/uploads\/2020\/04\/expotrade_mobile_ideas_ohne_www.png<\/span>\n\t\t\t\t <\/span>\n\t\t\t  <\/span><span class='av-structured-data'  itemprop=\"author\" itemscope=\"itemscope\" itemtype=\"https:\/\/schema.org\/Person\" ><span itemprop='name'>Andreas Schnetzer<\/span><\/span><span class='av-structured-data'  itemprop=\"datePublished\" datetime=\"2023-04-26T13:14:00+02:00\" >2024-01-08 09:27:32<\/span><span class='av-structured-data'  itemprop=\"dateModified\" itemtype=\"https:\/\/schema.org\/dateModified\" >2024-01-08 09:27:32<\/span><span class='av-structured-data'  itemprop=\"mainEntityOfPage\" itemtype=\"https:\/\/schema.org\/mainEntityOfPage\" ><span itemprop='name'>YAMAHA et Tenere-Spirit Exp\u00e9rience \u00e0 l'Africa ECO Race<\/span><\/span><\/span><\/article><article class='slide-entry flex_column  post-entry post-entry-36374 slide-entry-overview slide-loop-8 slide-parity-even  av_one_third  real-thumbnail'  itemscope=\"itemscope\" itemtype=\"https:\/\/schema.org\/BlogPosting\" itemprop=\"blogPost\" ><a href='https:\/\/www.expotradegroup.com\/fr\/rocksnake-se-presente-avec-un-nouvel-expotent-6x3m\/' data-rel='slide-1' class='slide-image' title=''><img loading=\"lazy\" decoding=\"async\" width=\"495\" height=\"400\" src=\"https:\/\/www.expotradegroup.com\/wp-content\/uploads\/2023\/05\/Rettmobil-2023_Rocksnake_web-495x400.jpg\" class=\"attachment-portfolio size-portfolio wp-post-image\" alt=\"expotent 6x3m Rocksnake\" \/><\/a><div class='slide-content'><header class=\"entry-content-header\"><h3 class='slide-entry-title entry-title'  itemprop=\"headline\" ><a href='https:\/\/www.expotradegroup.com\/fr\/rocksnake-se-presente-avec-un-nouvel-expotent-6x3m\/' title='Rocksnake se pr\u00e9sente avec un nouvel Expotent 6x3m'>Rocksnake se pr\u00e9sente avec un nouvel Expotent 6x3m<\/a><\/h3><span class=\"av-vertical-delimiter\"><\/span><\/header><div class='slide-meta'><time class='slide-meta-time updated'  itemprop=\"datePublished\" datetime=\"2023-05-18T08:09:41+02:00\" >18. mai 2023<\/time><\/div><div class='slide-entry-excerpt entry-content'  itemprop=\"text\" >Rocksnake se pr\u00e9sente avec un nouvel Expotent 6x3m. Le fabricant\u2026<div class=\"read-more-link\"><a href=\"https:\/\/www.expotradegroup.com\/fr\/rocksnake-se-presente-avec-un-nouvel-expotent-6x3m\/\" class=\"more-link\">Lire la suite<span class=\"more-link-arrow\"><\/span><\/a><\/div><\/div><\/div><footer class=\"entry-footer\"><\/footer><span class='hidden'>\n\t\t\t<span class='av-structured-data'  itemprop=\"ImageObject\" itemscope=\"itemscope\" itemtype=\"https:\/\/schema.org\/ImageObject\"  itemprop='image'>\n\t\t\t\t\t   <span itemprop='url' >https:\/\/www.expotradegroup.com\/wp-content\/uploads\/2023\/05\/Rettmobil-2023_Rocksnake_web.jpg<\/span>\n\t\t\t\t\t   <span itemprop='height' >531<\/span>\n\t\t\t\t\t   <span itemprop='width' >800<\/span>\n\t\t\t\t  <\/span><span class='av-structured-data'  itemprop=\"publisher\" itemtype=\"https:\/\/schema.org\/Organization\" itemscope=\"itemscope\" >\n\t\t\t\t<span itemprop='name'>Andreas Schnetzer<\/span>\n\t\t\t\t<span itemprop='logo' itemscope itemtype='http:\/\/schema.org\/ImageObject'>\n\t\t\t\t   <span itemprop='url'>https:\/\/www.expotradegroup.com\/wp-content\/uploads\/2020\/04\/expotrade_mobile_ideas_ohne_www.png<\/span>\n\t\t\t\t <\/span>\n\t\t\t  <\/span><span class='av-structured-data'  itemprop=\"author\" itemscope=\"itemscope\" itemtype=\"https:\/\/schema.org\/Person\" ><span itemprop='name'>Andreas Schnetzer<\/span><\/span><span class='av-structured-data'  itemprop=\"datePublished\" datetime=\"2023-04-26T13:14:00+02:00\" >2023-05-18 08:09:41<\/span><span class='av-structured-data'  itemprop=\"dateModified\" itemtype=\"https:\/\/schema.org\/dateModified\" >2023-05-18 08:09:41<\/span><span class='av-structured-data'  itemprop=\"mainEntityOfPage\" itemtype=\"https:\/\/schema.org\/mainEntityOfPage\" ><span itemprop='name'>Rocksnake se pr\u00e9sente avec un nouvel Expotent 6x3m<\/span><\/span><\/span><\/article><article class='slide-entry flex_column  post-entry post-entry-36364 slide-entry-overview slide-loop-9 slide-parity-odd  post-entry-last  av_one_third  real-thumbnail'  itemscope=\"itemscope\" itemtype=\"https:\/\/schema.org\/BlogPosting\" itemprop=\"blogPost\" ><a href='https:\/\/www.expotradegroup.com\/fr\/nouveau-partenariat-expotrade-yamaha-motor-europe\/' data-rel='slide-1' class='slide-image' title=''><img loading=\"lazy\" decoding=\"async\" width=\"495\" height=\"400\" src=\"https:\/\/www.expotradegroup.com\/wp-content\/uploads\/2023\/04\/web-495x400.jpg\" class=\"attachment-portfolio size-portfolio wp-post-image\" alt=\"expotent 8x4m YAMAHA\" \/><\/a><div class='slide-content'><header class=\"entry-content-header\"><h3 class='slide-entry-title entry-title'  itemprop=\"headline\" ><a href='https:\/\/www.expotradegroup.com\/fr\/nouveau-partenariat-expotrade-yamaha-motor-europe\/' title='Nouveau partenariat Expotrade - YAMAHA Motor Europe !'>Nouveau partenariat Expotrade - YAMAHA Motor Europe !<\/a><\/h3><span class=\"av-vertical-delimiter\"><\/span><\/header><div class='slide-meta'><time class='slide-meta-time updated'  itemprop=\"datePublished\" datetime=\"2023-04-26T13:14:00+02:00\" >26. avril 2023<\/time><\/div><div class='slide-entry-excerpt entry-content'  itemprop=\"text\" >Nous sommes fiers d'annoncer le partenariat avec Yamaha Motor\u2026<div class=\"read-more-link\"><a href=\"https:\/\/www.expotradegroup.com\/fr\/nouveau-partenariat-expotrade-yamaha-motor-europe\/\" class=\"more-link\">Lire la suite<span class=\"more-link-arrow\"><\/span><\/a><\/div><\/div><\/div><footer class=\"entry-footer\"><\/footer><span class='hidden'>\n\t\t\t<span class='av-structured-data'  itemprop=\"ImageObject\" itemscope=\"itemscope\" itemtype=\"https:\/\/schema.org\/ImageObject\"  itemprop='image'>\n\t\t\t\t\t   <span itemprop='url' >https:\/\/www.expotradegroup.com\/wp-content\/uploads\/2023\/04\/web.jpg<\/span>\n\t\t\t\t\t   <span itemprop='height' >534<\/span>\n\t\t\t\t\t   <span itemprop='width' >800<\/span>\n\t\t\t\t  <\/span><span class='av-structured-data'  itemprop=\"publisher\" itemtype=\"https:\/\/schema.org\/Organization\" itemscope=\"itemscope\" >\n\t\t\t\t<span itemprop='name'>Andreas Schnetzer<\/span>\n\t\t\t\t<span itemprop='logo' itemscope itemtype='http:\/\/schema.org\/ImageObject'>\n\t\t\t\t   <span itemprop='url'>https:\/\/www.expotradegroup.com\/wp-content\/uploads\/2020\/04\/expotrade_mobile_ideas_ohne_www.png<\/span>\n\t\t\t\t <\/span>\n\t\t\t  <\/span><span class='av-structured-data'  itemprop=\"author\" itemscope=\"itemscope\" itemtype=\"https:\/\/schema.org\/Person\" ><span itemprop='name'>Andreas Schnetzer<\/span><\/span><span class='av-structured-data'  itemprop=\"datePublished\" datetime=\"2023-04-26T13:14:00+02:00\" >2023-04-26 13:14:00<\/span><span class='av-structured-data'  itemprop=\"dateModified\" itemtype=\"https:\/\/schema.org\/dateModified\" >2023-04-26 13:20:14<\/span><span class='av-structured-data'  itemprop=\"mainEntityOfPage\" itemtype=\"https:\/\/schema.org\/mainEntityOfPage\" ><span itemprop='name'>Nouveau partenariat Expotrade - YAMAHA Motor Europe !<\/span><\/span><\/span><\/article><\/div><\/div><div class='pagination-wrap pagination-slider'><nav class='pagination'><span class='pagination-meta'>Page 1 sur 11<\/span><span class='current'>1<\/span><a href='https:\/\/www.expotradegroup.com\/fr\/wp-json\/wp\/v2\/pages\/12455\/page\/2\/' class='inactive' >2<\/a><a href='https:\/\/www.expotradegroup.com\/fr\/wp-json\/wp\/v2\/pages\/12455\/page\/3\/' class='inactive' >3<\/a><a href='https:\/\/www.expotradegroup.com\/fr\/wp-json\/wp\/v2\/pages\/12455\/page\/2\/'>&rsaquo;<\/a><a href='https:\/\/www.expotradegroup.com\/fr\/wp-json\/wp\/v2\/pages\/12455\/page\/11\/'>&raquo;<\/a><\/nav>\n<\/div><\/div><\/div>\n","protected":false},"excerpt":{"rendered":"","protected":false},"author":1,"featured_media":0,"parent":0,"menu_order":0,"comment_status":"closed","ping_status":"closed","template":"","meta":{"footnotes":""},"class_list":["post-12455","page","type-page","status-publish","hentry"],"yoast_head":"<!-- This site is optimized with the Yoast SEO plugin v23.2 - https:\/\/yoast.com\/wordpress\/plugins\/seo\/ -->\n<title>vous voyez toutes les nouvelles d&#039;Expotrade pour les produits \u00e9v\u00e9nements<\/title>\n<meta name=\"description\" content=\"vous voyez toutes les nouvelles d&#039;Expotrade pour les produits \u00e9v\u00e9nementies. tentes pliables, tables pliables, afficher des murs et bien plus encore\" \/>\n<meta name=\"robots\" content=\"index, follow, max-snippet:-1, max-image-preview:large, max-video-preview:-1\" \/>\n<link rel=\"canonical\" href=\"https:\/\/www.expotradegroup.com\/fr\/expotrade-nouvelles\/\" \/>\n<meta property=\"og:locale\" content=\"fr_FR\" \/>\n<meta property=\"og:type\" content=\"article\" \/>\n<meta property=\"og:title\" content=\"vous voyez toutes les nouvelles d&#039;Expotrade pour les produits \u00e9v\u00e9nements\" \/>\n<meta property=\"og:description\" content=\"vous voyez toutes les nouvelles d&#039;Expotrade pour les produits \u00e9v\u00e9nementies. tentes pliables, tables pliables, afficher des murs et bien plus encore\" \/>\n<meta property=\"og:url\" content=\"https:\/\/www.expotradegroup.com\/fr\/expotrade-nouvelles\/\" \/>\n<meta property=\"og:site_name\" content=\"Expotrade\" \/>\n<meta property=\"article:publisher\" content=\"https:\/\/www.facebook.com\/Expotrade-Group-Gmbh-Head-Office-501830963237226\/timeline\/\" \/>\n<meta property=\"article:modified_time\" content=\"2020-05-03T17:54:31+00:00\" \/>\n<meta name=\"twitter:card\" content=\"summary_large_image\" \/>\n<meta name=\"twitter:site\" content=\"@Expotrade_Group\" \/>\n<script type=\"application\/ld+json\" class=\"yoast-schema-graph\">{\"@context\":\"https:\/\/schema.org\",\"@graph\":[{\"@type\":\"WebPage\",\"@id\":\"https:\/\/www.expotradegroup.com\/fr\/expotrade-nouvelles\/\",\"url\":\"https:\/\/www.expotradegroup.com\/fr\/expotrade-nouvelles\/\",\"name\":\"vous voyez toutes les nouvelles d'Expotrade pour les produits \u00e9v\u00e9nements\",\"isPartOf\":{\"@id\":\"https:\/\/www.expotradegroup.com\/fr\/#website\"},\"datePublished\":\"2015-10-01T05:55:08+00:00\",\"dateModified\":\"2020-05-03T17:54:31+00:00\",\"description\":\"vous voyez toutes les nouvelles d'Expotrade pour les produits \u00e9v\u00e9nementies. tentes pliables, tables pliables, afficher des murs et bien plus encore\",\"breadcrumb\":{\"@id\":\"https:\/\/www.expotradegroup.com\/fr\/expotrade-nouvelles\/#breadcrumb\"},\"inLanguage\":\"fr-FR\",\"potentialAction\":[{\"@type\":\"ReadAction\",\"target\":[\"https:\/\/www.expotradegroup.com\/fr\/expotrade-nouvelles\/\"]}]},{\"@type\":\"BreadcrumbList\",\"@id\":\"https:\/\/www.expotradegroup.com\/fr\/expotrade-nouvelles\/#breadcrumb\",\"itemListElement\":[{\"@type\":\"ListItem\",\"position\":1,\"name\":\"Home\",\"item\":\"https:\/\/www.expotradegroup.com\/fr\/tentes-pliantes-table-pliantes-sacs-de-feves\/\"},{\"@type\":\"ListItem\",\"position\":2,\"name\":\"Expotrade nouvelles\"}]},{\"@type\":\"WebSite\",\"@id\":\"https:\/\/www.expotradegroup.com\/fr\/#website\",\"url\":\"https:\/\/www.expotradegroup.com\/fr\/\",\"name\":\"Expotrade\",\"description\":\"Faltzelte, Falttische, Sitzs\u00e4cke und mobile ideas\",\"potentialAction\":[{\"@type\":\"SearchAction\",\"target\":{\"@type\":\"EntryPoint\",\"urlTemplate\":\"https:\/\/www.expotradegroup.com\/fr\/?s={search_term_string}\"},\"query-input\":\"required name=search_term_string\"}],\"inLanguage\":\"fr-FR\"}]}<\/script>\n<!-- \/ Yoast SEO plugin. -->","yoast_head_json":{"title":"vous voyez toutes les nouvelles d'Expotrade pour les produits \u00e9v\u00e9nements","description":"vous voyez toutes les nouvelles d'Expotrade pour les produits \u00e9v\u00e9nementies. tentes pliables, tables pliables, afficher des murs et bien plus encore","robots":{"index":"index","follow":"follow","max-snippet":"max-snippet:-1","max-image-preview":"max-image-preview:large","max-video-preview":"max-video-preview:-1"},"canonical":"https:\/\/www.expotradegroup.com\/fr\/expotrade-nouvelles\/","og_locale":"fr_FR","og_type":"article","og_title":"vous voyez toutes les nouvelles d'Expotrade pour les produits \u00e9v\u00e9nements","og_description":"vous voyez toutes les nouvelles d'Expotrade pour les produits \u00e9v\u00e9nementies. tentes pliables, tables pliables, afficher des murs et bien plus encore","og_url":"https:\/\/www.expotradegroup.com\/fr\/expotrade-nouvelles\/","og_site_name":"Expotrade","article_publisher":"https:\/\/www.facebook.com\/Expotrade-Group-Gmbh-Head-Office-501830963237226\/timeline\/","article_modified_time":"2020-05-03T17:54:31+00:00","twitter_card":"summary_large_image","twitter_site":"@Expotrade_Group","schema":{"@context":"https:\/\/schema.org","@graph":[{"@type":"WebPage","@id":"https:\/\/www.expotradegroup.com\/fr\/expotrade-nouvelles\/","url":"https:\/\/www.expotradegroup.com\/fr\/expotrade-nouvelles\/","name":"vous voyez toutes les nouvelles d'Expotrade pour les produits \u00e9v\u00e9nements","isPartOf":{"@id":"https:\/\/www.expotradegroup.com\/fr\/#website"},"datePublished":"2015-10-01T05:55:08+00:00","dateModified":"2020-05-03T17:54:31+00:00","description":"vous voyez toutes les nouvelles d'Expotrade pour les produits \u00e9v\u00e9nementies. tentes pliables, tables pliables, afficher des murs et bien plus encore","breadcrumb":{"@id":"https:\/\/www.expotradegroup.com\/fr\/expotrade-nouvelles\/#breadcrumb"},"inLanguage":"fr-FR","potentialAction":[{"@type":"ReadAction","target":["https:\/\/www.expotradegroup.com\/fr\/expotrade-nouvelles\/"]}]},{"@type":"BreadcrumbList","@id":"https:\/\/www.expotradegroup.com\/fr\/expotrade-nouvelles\/#breadcrumb","itemListElement":[{"@type":"ListItem","position":1,"name":"Home","item":"https:\/\/www.expotradegroup.com\/fr\/tentes-pliantes-table-pliantes-sacs-de-feves\/"},{"@type":"ListItem","position":2,"name":"Expotrade nouvelles"}]},{"@type":"WebSite","@id":"https:\/\/www.expotradegroup.com\/fr\/#website","url":"https:\/\/www.expotradegroup.com\/fr\/","name":"Expotrade","description":"Faltzelte, Falttische, Sitzs\u00e4cke und mobile ideas","potentialAction":[{"@type":"SearchAction","target":{"@type":"EntryPoint","urlTemplate":"https:\/\/www.expotradegroup.com\/fr\/?s={search_term_string}"},"query-input":"required name=search_term_string"}],"inLanguage":"fr-FR"}]}},"_links":{"self":[{"href":"https:\/\/www.expotradegroup.com\/fr\/wp-json\/wp\/v2\/pages\/12455"}],"collection":[{"href":"https:\/\/www.expotradegroup.com\/fr\/wp-json\/wp\/v2\/pages"}],"about":[{"href":"https:\/\/www.expotradegroup.com\/fr\/wp-json\/wp\/v2\/types\/page"}],"author":[{"embeddable":true,"href":"https:\/\/www.expotradegroup.com\/fr\/wp-json\/wp\/v2\/users\/1"}],"replies":[{"embeddable":true,"href":"https:\/\/www.expotradegroup.com\/fr\/wp-json\/wp\/v2\/comments?post=12455"}],"version-history":[{"count":2,"href":"https:\/\/www.expotradegroup.com\/fr\/wp-json\/wp\/v2\/pages\/12455\/revisions"}],"predecessor-version":[{"id":17034,"href":"https:\/\/www.expotradegroup.com\/fr\/wp-json\/wp\/v2\/pages\/12455\/revisions\/17034"}],"wp:attachment":[{"href":"https:\/\/www.expotradegroup.com\/fr\/wp-json\/wp\/v2\/media?parent=12455"}],"curies":[{"name":"wp","href":"https:\/\/api.w.org\/{rel}","templated":true}]}}