{"id":12652,"date":"2015-09-24T20:36:23","date_gmt":"2015-09-24T18:36:23","guid":{"rendered":"http:\/\/www.expotradegroup.com\/fr\/expodome-visors\/"},"modified":"2020-08-08T14:56:56","modified_gmt":"2020-08-08T12:56:56","slug":"visieres-expodome","status":"publish","type":"page","link":"https:\/\/www.expotradegroup.com\/fr\/visieres-expodome\/","title":{"rendered":"visi\u00e8res expodome"},"content":{"rendered":"<div class=\"flex_column av_one_full  flex_column_div av-zero-column-padding first  \" style='border-radius:0px; '><div style='padding-bottom:10px; ' class='av-special-heading av-special-heading-h1    '><h1 class='av-special-heading-tag '  itemprop=\"headline\"  >visi\u00e8re expodome<\/h1><div class='special-heading-border'><div class='special-heading-inner-border' ><\/div><\/div><\/div><\/div><section class=\"av_textblock_section \"  itemscope=\"itemscope\" itemtype=\"https:\/\/schema.org\/CreativeWork\" ><div class='avia_textblock  '   itemprop=\"text\" ><p>La visi\u00e8re expodome vient compl\u00e9ter votre tente et augmenter sa surface couvrante. Il vous permettra \u00e9galement une visibilit\u00e9 accrue pour votre publicit\u00e9. Vous pourrez choisir une couleur diff\u00e9rente pour bien marquer la diff\u00e9rence entre la visi\u00e8re et le toit, ou la visi\u00e8re et le tunnel.\u00a0 Et cette visi\u00e8re pourra devenir l&rsquo;entr\u00e9e principale de votre stand, imprim\u00e9e \u00e0 votre logo.<\/p>\n<p>Le syst\u00e8me est constitu\u00e9e d&rsquo;un profil\u00e9 courbe et emboitable en aluminium qui se glisse facilement dans un tunnel int\u00e9gr\u00e9 au mat\u00e9riau. La visi\u00e8re est ensuite fix\u00e9e au toit par 2 barres tendues. Une fermeture \u00e9clair aide \u00e0 fixer le mat\u00e9riau sur le toit.<\/p>\n<p>Enfin, une extension- la BULLE- peut \u00eatre utilis\u00e9e pour am\u00e9liorer encore l&rsquo;espace de votre expodome.<\/p>\n<\/div><\/section><\/p>\n<div style='height:30px' class='hr hr-invisible  '><span class='hr-inner ' ><span class='hr-inner-style'><\/span><\/span><\/div>\n<div class=\"flex_column av_one_third  flex_column_div av-zero-column-padding first  \" style='border-radius:0px; '><p><div class='avia-image-container  av-styling-    avia-align-center '  itemprop=\"ImageObject\" itemscope=\"itemscope\" itemtype=\"https:\/\/schema.org\/ImageObject\"  ><div class='avia-image-container-inner'><div class='avia-image-overlay-wrap'><img class='avia_image ' src='https:\/\/www.expotradegroup.com\/wp-content\/uploads\/2015\/10\/expodome_bogen-203x300.png' alt='expodome visi\u00e8re' title='expodome visi\u00e8re' height=\"300\"width=\"203\"  itemprop=\"thumbnailUrl\"  \/><\/div><\/div><\/div><br \/>\n<section class=\"av_textblock_section \"  itemscope=\"itemscope\" itemtype=\"https:\/\/schema.org\/CreativeWork\" ><div class='avia_textblock  '   itemprop=\"text\" ><h3 style=\"text-align: center;\"><span style=\"color: #000000;\">visi\u00e8re<\/span><\/h3>\n<\/div><\/section><\/p><\/div>\n<div class=\"flex_column av_one_third  flex_column_div av-zero-column-padding   \" style='border-radius:0px; '><p><div class='avia-image-container  av-styling-    avia-align-center '  itemprop=\"ImageObject\" itemscope=\"itemscope\" itemtype=\"https:\/\/schema.org\/ImageObject\"  ><div class='avia-image-container-inner'><div class='avia-image-overlay-wrap'><img class='avia_image ' src='https:\/\/www.expotradegroup.com\/wp-content\/uploads\/2015\/10\/expodome_bubble-229x300.png' alt='expodome visi\u00e8re bubble' title='expodome visi\u00e8re bubble' height=\"300\"width=\"229\"  itemprop=\"thumbnailUrl\"  \/><\/div><\/div><\/div><br \/>\n<section class=\"av_textblock_section \"  itemscope=\"itemscope\" itemtype=\"https:\/\/schema.org\/CreativeWork\" ><div class='avia_textblock  '   itemprop=\"text\" ><h3 style=\"text-align: center;\"><span style=\"color: #000000;\">extension de visi\u00e8re<br \/>\n<\/span><\/h3>\n<\/div><\/section><\/p><\/div>\n","protected":false},"excerpt":{"rendered":"","protected":false},"author":1,"featured_media":0,"parent":0,"menu_order":0,"comment_status":"open","ping_status":"closed","template":"","meta":{"footnotes":""},"class_list":["post-12652","page","type-page","status-publish","hentry"],"yoast_head":"<!-- This site is optimized with the Yoast SEO plugin v23.2 - https:\/\/yoast.com\/wordpress\/plugins\/seo\/ -->\n<title>visi\u00e8re expodome - l&#039;\u00e9quipement parfait pour vos tentes d\u00f4me<\/title>\n<meta name=\"description\" content=\"Le visi\u00e8re expodome qui cr\u00e9ent plus de taille et encore plus d&#039;attraction pour votre d\u00f4me peuvent facilement \u00eatre fix\u00e9es aux expodomes.\" \/>\n<meta name=\"robots\" content=\"index, follow, max-snippet:-1, max-image-preview:large, max-video-preview:-1\" \/>\n<link rel=\"canonical\" href=\"https:\/\/www.expotradegroup.com\/fr\/visieres-expodome\/\" \/>\n<meta property=\"og:locale\" content=\"fr_FR\" \/>\n<meta property=\"og:type\" content=\"article\" \/>\n<meta property=\"og:title\" content=\"visi\u00e8re expodome - l&#039;\u00e9quipement parfait pour vos tentes d\u00f4me\" \/>\n<meta property=\"og:description\" content=\"Le visi\u00e8re expodome qui cr\u00e9ent plus de taille et encore plus d&#039;attraction pour votre d\u00f4me peuvent facilement \u00eatre fix\u00e9es aux expodomes.\" \/>\n<meta property=\"og:url\" content=\"https:\/\/www.expotradegroup.com\/fr\/visieres-expodome\/\" \/>\n<meta property=\"og:site_name\" content=\"Expotrade\" \/>\n<meta property=\"article:publisher\" content=\"https:\/\/www.facebook.com\/Expotrade-Group-Gmbh-Head-Office-501830963237226\/timeline\/\" \/>\n<meta property=\"article:modified_time\" content=\"2020-08-08T12:56:56+00:00\" \/>\n<meta name=\"twitter:card\" content=\"summary_large_image\" \/>\n<meta name=\"twitter:site\" content=\"@Expotrade_Group\" \/>\n<meta name=\"twitter:label1\" content=\"Dur\u00e9e de lecture estim\u00e9e\" \/>\n\t<meta name=\"twitter:data1\" content=\"3 minutes\" \/>\n<script type=\"application\/ld+json\" class=\"yoast-schema-graph\">{\"@context\":\"https:\/\/schema.org\",\"@graph\":[{\"@type\":\"WebPage\",\"@id\":\"https:\/\/www.expotradegroup.com\/fr\/visieres-expodome\/\",\"url\":\"https:\/\/www.expotradegroup.com\/fr\/visieres-expodome\/\",\"name\":\"visi\u00e8re expodome - l'\u00e9quipement parfait pour vos tentes d\u00f4me\",\"isPartOf\":{\"@id\":\"https:\/\/www.expotradegroup.com\/fr\/#website\"},\"datePublished\":\"2015-09-24T18:36:23+00:00\",\"dateModified\":\"2020-08-08T12:56:56+00:00\",\"description\":\"Le visi\u00e8re expodome qui cr\u00e9ent plus de taille et encore plus d'attraction pour votre d\u00f4me peuvent facilement \u00eatre fix\u00e9es aux expodomes.\",\"breadcrumb\":{\"@id\":\"https:\/\/www.expotradegroup.com\/fr\/visieres-expodome\/#breadcrumb\"},\"inLanguage\":\"fr-FR\",\"potentialAction\":[{\"@type\":\"ReadAction\",\"target\":[\"https:\/\/www.expotradegroup.com\/fr\/visieres-expodome\/\"]}]},{\"@type\":\"BreadcrumbList\",\"@id\":\"https:\/\/www.expotradegroup.com\/fr\/visieres-expodome\/#breadcrumb\",\"itemListElement\":[{\"@type\":\"ListItem\",\"position\":1,\"name\":\"Home\",\"item\":\"https:\/\/www.expotradegroup.com\/fr\/tentes-pliantes-table-pliantes-sacs-de-feves\/\"},{\"@type\":\"ListItem\",\"position\":2,\"name\":\"visi\u00e8res expodome\"}]},{\"@type\":\"WebSite\",\"@id\":\"https:\/\/www.expotradegroup.com\/fr\/#website\",\"url\":\"https:\/\/www.expotradegroup.com\/fr\/\",\"name\":\"Expotrade\",\"description\":\"Faltzelte, Falttische, Sitzs\u00e4cke und mobile ideas\",\"potentialAction\":[{\"@type\":\"SearchAction\",\"target\":{\"@type\":\"EntryPoint\",\"urlTemplate\":\"https:\/\/www.expotradegroup.com\/fr\/?s={search_term_string}\"},\"query-input\":\"required name=search_term_string\"}],\"inLanguage\":\"fr-FR\"}]}<\/script>\n<!-- \/ Yoast SEO plugin. -->","yoast_head_json":{"title":"visi\u00e8re expodome - l'\u00e9quipement parfait pour vos tentes d\u00f4me","description":"Le visi\u00e8re expodome qui cr\u00e9ent plus de taille et encore plus d'attraction pour votre d\u00f4me peuvent facilement \u00eatre fix\u00e9es aux expodomes.","robots":{"index":"index","follow":"follow","max-snippet":"max-snippet:-1","max-image-preview":"max-image-preview:large","max-video-preview":"max-video-preview:-1"},"canonical":"https:\/\/www.expotradegroup.com\/fr\/visieres-expodome\/","og_locale":"fr_FR","og_type":"article","og_title":"visi\u00e8re expodome - l'\u00e9quipement parfait pour vos tentes d\u00f4me","og_description":"Le visi\u00e8re expodome qui cr\u00e9ent plus de taille et encore plus d'attraction pour votre d\u00f4me peuvent facilement \u00eatre fix\u00e9es aux expodomes.","og_url":"https:\/\/www.expotradegroup.com\/fr\/visieres-expodome\/","og_site_name":"Expotrade","article_publisher":"https:\/\/www.facebook.com\/Expotrade-Group-Gmbh-Head-Office-501830963237226\/timeline\/","article_modified_time":"2020-08-08T12:56:56+00:00","twitter_card":"summary_large_image","twitter_site":"@Expotrade_Group","twitter_misc":{"Dur\u00e9e de lecture estim\u00e9e":"3 minutes"},"schema":{"@context":"https:\/\/schema.org","@graph":[{"@type":"WebPage","@id":"https:\/\/www.expotradegroup.com\/fr\/visieres-expodome\/","url":"https:\/\/www.expotradegroup.com\/fr\/visieres-expodome\/","name":"visi\u00e8re expodome - l'\u00e9quipement parfait pour vos tentes d\u00f4me","isPartOf":{"@id":"https:\/\/www.expotradegroup.com\/fr\/#website"},"datePublished":"2015-09-24T18:36:23+00:00","dateModified":"2020-08-08T12:56:56+00:00","description":"Le visi\u00e8re expodome qui cr\u00e9ent plus de taille et encore plus d'attraction pour votre d\u00f4me peuvent facilement \u00eatre fix\u00e9es aux expodomes.","breadcrumb":{"@id":"https:\/\/www.expotradegroup.com\/fr\/visieres-expodome\/#breadcrumb"},"inLanguage":"fr-FR","potentialAction":[{"@type":"ReadAction","target":["https:\/\/www.expotradegroup.com\/fr\/visieres-expodome\/"]}]},{"@type":"BreadcrumbList","@id":"https:\/\/www.expotradegroup.com\/fr\/visieres-expodome\/#breadcrumb","itemListElement":[{"@type":"ListItem","position":1,"name":"Home","item":"https:\/\/www.expotradegroup.com\/fr\/tentes-pliantes-table-pliantes-sacs-de-feves\/"},{"@type":"ListItem","position":2,"name":"visi\u00e8res expodome"}]},{"@type":"WebSite","@id":"https:\/\/www.expotradegroup.com\/fr\/#website","url":"https:\/\/www.expotradegroup.com\/fr\/","name":"Expotrade","description":"Faltzelte, Falttische, Sitzs\u00e4cke und mobile ideas","potentialAction":[{"@type":"SearchAction","target":{"@type":"EntryPoint","urlTemplate":"https:\/\/www.expotradegroup.com\/fr\/?s={search_term_string}"},"query-input":"required name=search_term_string"}],"inLanguage":"fr-FR"}]}},"_links":{"self":[{"href":"https:\/\/www.expotradegroup.com\/fr\/wp-json\/wp\/v2\/pages\/12652"}],"collection":[{"href":"https:\/\/www.expotradegroup.com\/fr\/wp-json\/wp\/v2\/pages"}],"about":[{"href":"https:\/\/www.expotradegroup.com\/fr\/wp-json\/wp\/v2\/types\/page"}],"author":[{"embeddable":true,"href":"https:\/\/www.expotradegroup.com\/fr\/wp-json\/wp\/v2\/users\/1"}],"replies":[{"embeddable":true,"href":"https:\/\/www.expotradegroup.com\/fr\/wp-json\/wp\/v2\/comments?post=12652"}],"version-history":[{"count":9,"href":"https:\/\/www.expotradegroup.com\/fr\/wp-json\/wp\/v2\/pages\/12652\/revisions"}],"predecessor-version":[{"id":28791,"href":"https:\/\/www.expotradegroup.com\/fr\/wp-json\/wp\/v2\/pages\/12652\/revisions\/28791"}],"wp:attachment":[{"href":"https:\/\/www.expotradegroup.com\/fr\/wp-json\/wp\/v2\/media?parent=12652"}],"curies":[{"name":"wp","href":"https:\/\/api.w.org\/{rel}","templated":true}]}}